{"id":1875,"date":"2023-09-12T19:35:58","date_gmt":"2023-09-12T19:35:58","guid":{"rendered":"https:\/\/casa-vacanze-miro.com\/?page_id=1875"},"modified":"2025-09-12T17:12:29","modified_gmt":"2025-09-12T15:12:29","slug":"decouvre-sferracavallo","status":"publish","type":"page","link":"https:\/\/casa-vacanze-miro.com\/fr\/information\/decouvre-sferracavallo\/","title":{"rendered":"D\u00e9couvre Palermo &#8211; Sferracavallo"},"content":{"rendered":"\n<div class=\"wp-block-cover alignfull has-parallax has-xx-large-font-size\"><div class=\"wp-block-cover__image-background wp-image-2150 has-parallax\" style=\"background-position:50% 50%;background-image:url(https:\/\/casa-vacanze-miro.com\/fr\/wp-content\/uploads\/sites\/6\/sites\/18\/2025\/02\/IMG-20240820-WA0009.jpg)\"><\/div><span aria-hidden=\"true\" class=\"wp-block-cover__background has-contrast-background-color has-background-dim-30 has-background-dim\"><\/span><div class=\"wp-block-cover__inner-container has-global-padding is-layout-constrained wp-block-cover-is-layout-constrained\">\n<p class=\"has-text-align-center has-accent-5-color has-text-color has-link-color has-xx-large-font-size wp-elements-df8bf8a22f2814cd5c7c284b56fd2869\">D\u00e9couvre Palermo &#8211; Sferracavallo<\/p>\n\n\n\n<div class=\"wp-block-buttons is-content-justification-center is-layout-flex wp-container-core-buttons-is-layout-a89b3969 wp-block-buttons-is-layout-flex\">\n<div class=\"wp-block-button is-style-outline is-style-outline--1\"><a class=\"wp-block-button__link has-accent-6-background-color has-background has-small-font-size has-custom-font-size wp-element-button\" href=\"https:\/\/casa-vacanze-miro.com\/fr\/demander-la-disponibilite\/\">Demander la disponibilit\u00e9<\/a><\/div>\n<\/div>\n<\/div><\/div>\n\n\n\n<div class=\"wp-block-group has-global-padding is-layout-constrained wp-container-core-group-is-layout-01d2cb6a wp-block-group-is-layout-constrained\">\n<p>Pour nous, Sferracavallo est un peu comme \u2018<em>une petite Sicile<\/em>\u2019: une combinaison parfaite pour ceux qui aiment les vacances en mer, la nature et les paysages \u00e0 couper le souffle, ainsi que pour les infatigables amateurs d\u2019histoire, d\u2019art et de culture, car elle se trouve \u00e0 moins de 15 km du centre de la charmante ville de Palerme, que l\u2019on peut facilement rejoindre en voiture ou en train \u00e0 partir de la gare de Palerme Sferracavallo, situ\u00e9e \u00e0 15 minutes de marche de notre maison.<\/p>\n\n\n\n<p><em>Galerie de photos:<\/em><\/p>\n\n\n\n<div class=\"wp-block-jetpack-slideshow aligncenter\" data-effect=\"slide\" style=\"--aspect-ratio:calc(1024 \/ 461)\"><div class=\"wp-block-jetpack-slideshow_container swiper\"><ul class=\"wp-block-jetpack-slideshow_swiper-wrapper swiper-wrapper\"><li class=\"wp-block-jetpack-slideshow_slide swiper-slide\"><figure><img loading=\"lazy\" decoding=\"async\" width=\"1024\" height=\"461\" alt=\"\" class=\"wp-block-jetpack-slideshow_image wp-image-2140\" data-id=\"2140\" data-aspect-ratio=\"1024 \/ 461\" src=\"https:\/\/casa-vacanze-miro.com\/fr\/wp-content\/uploads\/sites\/6\/sites\/18\/2025\/02\/IMG-20230817-WA0034-1024x461.jpg\" srcset=\"https:\/\/casa-vacanze-miro.com\/fr\/wp-content\/uploads\/sites\/6\/sites\/18\/2025\/02\/IMG-20230817-WA0034-1024x461.jpg 1024w, https:\/\/casa-vacanze-miro.com\/fr\/wp-content\/uploads\/sites\/6\/sites\/18\/2025\/02\/IMG-20230817-WA0034-300x135.jpg 300w, https:\/\/casa-vacanze-miro.com\/fr\/wp-content\/uploads\/sites\/6\/sites\/18\/2025\/02\/IMG-20230817-WA0034-768x346.jpg 768w, https:\/\/casa-vacanze-miro.com\/fr\/wp-content\/uploads\/sites\/6\/sites\/18\/2025\/02\/IMG-20230817-WA0034-1536x691.jpg 1536w, https:\/\/casa-vacanze-miro.com\/fr\/wp-content\/uploads\/sites\/6\/sites\/18\/2025\/02\/IMG-20230817-WA0034.jpg 1600w\" sizes=\"auto, (max-width: 1024px) 100vw, 1024px\" \/><\/figure><\/li><li class=\"wp-block-jetpack-slideshow_slide swiper-slide\"><figure><img loading=\"lazy\" decoding=\"async\" width=\"768\" height=\"1024\" alt=\"\" class=\"wp-block-jetpack-slideshow_image wp-image-2143\" data-id=\"2143\" data-aspect-ratio=\"768 \/ 1024\" src=\"https:\/\/casa-vacanze-miro.com\/fr\/wp-content\/uploads\/sites\/6\/sites\/18\/2025\/02\/IMG-20240812-WA0063-768x1024.jpg\" srcset=\"https:\/\/casa-vacanze-miro.com\/fr\/wp-content\/uploads\/sites\/6\/sites\/18\/2025\/02\/IMG-20240812-WA0063-768x1024.jpg 768w, https:\/\/casa-vacanze-miro.com\/fr\/wp-content\/uploads\/sites\/6\/sites\/18\/2025\/02\/IMG-20240812-WA0063-225x300.jpg 225w, https:\/\/casa-vacanze-miro.com\/fr\/wp-content\/uploads\/sites\/6\/sites\/18\/2025\/02\/IMG-20240812-WA0063-1152x1536.jpg 1152w, https:\/\/casa-vacanze-miro.com\/fr\/wp-content\/uploads\/sites\/6\/sites\/18\/2025\/02\/IMG-20240812-WA0063.jpg 1536w\" sizes=\"auto, (max-width: 768px) 100vw, 768px\" \/><\/figure><\/li><li class=\"wp-block-jetpack-slideshow_slide swiper-slide\"><figure><img loading=\"lazy\" decoding=\"async\" width=\"1024\" height=\"576\" alt=\"\" class=\"wp-block-jetpack-slideshow_image wp-image-2162\" data-id=\"2162\" data-aspect-ratio=\"1024 \/ 576\" src=\"https:\/\/casa-vacanze-miro.com\/fr\/wp-content\/uploads\/sites\/6\/sites\/18\/2025\/02\/IMG-20240823-WA0013-1024x576.jpg\" srcset=\"https:\/\/casa-vacanze-miro.com\/fr\/wp-content\/uploads\/sites\/6\/sites\/18\/2025\/02\/IMG-20240823-WA0013-1024x576.jpg 1024w, https:\/\/casa-vacanze-miro.com\/fr\/wp-content\/uploads\/sites\/6\/sites\/18\/2025\/02\/IMG-20240823-WA0013-300x169.jpg 300w, https:\/\/casa-vacanze-miro.com\/fr\/wp-content\/uploads\/sites\/6\/sites\/18\/2025\/02\/IMG-20240823-WA0013-768x432.jpg 768w, https:\/\/casa-vacanze-miro.com\/fr\/wp-content\/uploads\/sites\/6\/sites\/18\/2025\/02\/IMG-20240823-WA0013-1536x864.jpg 1536w, https:\/\/casa-vacanze-miro.com\/fr\/wp-content\/uploads\/sites\/6\/sites\/18\/2025\/02\/IMG-20240823-WA0013.jpg 2016w\" sizes=\"auto, (max-width: 1024px) 100vw, 1024px\" \/><\/figure><\/li><li class=\"wp-block-jetpack-slideshow_slide swiper-slide\"><figure><img loading=\"lazy\" decoding=\"async\" width=\"1024\" height=\"576\" alt=\"\" class=\"wp-block-jetpack-slideshow_image wp-image-2161\" data-id=\"2161\" data-aspect-ratio=\"1024 \/ 576\" src=\"https:\/\/casa-vacanze-miro.com\/fr\/wp-content\/uploads\/sites\/6\/sites\/18\/2025\/02\/IMG-20240823-WA0012-1024x576.jpg\" srcset=\"https:\/\/casa-vacanze-miro.com\/fr\/wp-content\/uploads\/sites\/6\/sites\/18\/2025\/02\/IMG-20240823-WA0012-1024x576.jpg 1024w, https:\/\/casa-vacanze-miro.com\/fr\/wp-content\/uploads\/sites\/6\/sites\/18\/2025\/02\/IMG-20240823-WA0012-300x169.jpg 300w, https:\/\/casa-vacanze-miro.com\/fr\/wp-content\/uploads\/sites\/6\/sites\/18\/2025\/02\/IMG-20240823-WA0012-768x432.jpg 768w, https:\/\/casa-vacanze-miro.com\/fr\/wp-content\/uploads\/sites\/6\/sites\/18\/2025\/02\/IMG-20240823-WA0012-1536x864.jpg 1536w, https:\/\/casa-vacanze-miro.com\/fr\/wp-content\/uploads\/sites\/6\/sites\/18\/2025\/02\/IMG-20240823-WA0012.jpg 2016w\" sizes=\"auto, (max-width: 1024px) 100vw, 1024px\" \/><\/figure><\/li><li class=\"wp-block-jetpack-slideshow_slide swiper-slide\"><figure><img loading=\"lazy\" decoding=\"async\" width=\"1024\" height=\"768\" alt=\"\" class=\"wp-block-jetpack-slideshow_image wp-image-2163\" data-id=\"2163\" data-aspect-ratio=\"1024 \/ 768\" src=\"https:\/\/casa-vacanze-miro.com\/fr\/wp-content\/uploads\/sites\/6\/sites\/18\/2025\/02\/IMG-20240901-WA0021-1024x768.jpg\" srcset=\"https:\/\/casa-vacanze-miro.com\/fr\/wp-content\/uploads\/sites\/6\/sites\/18\/2025\/02\/IMG-20240901-WA0021-1024x768.jpg 1024w, https:\/\/casa-vacanze-miro.com\/fr\/wp-content\/uploads\/sites\/6\/sites\/18\/2025\/02\/IMG-20240901-WA0021-300x225.jpg 300w, https:\/\/casa-vacanze-miro.com\/fr\/wp-content\/uploads\/sites\/6\/sites\/18\/2025\/02\/IMG-20240901-WA0021-768x576.jpg 768w, https:\/\/casa-vacanze-miro.com\/fr\/wp-content\/uploads\/sites\/6\/sites\/18\/2025\/02\/IMG-20240901-WA0021-1536x1152.jpg 1536w, https:\/\/casa-vacanze-miro.com\/fr\/wp-content\/uploads\/sites\/6\/sites\/18\/2025\/02\/IMG-20240901-WA0021.jpg 1600w\" sizes=\"auto, (max-width: 1024px) 100vw, 1024px\" \/><\/figure><\/li><li class=\"wp-block-jetpack-slideshow_slide swiper-slide\"><figure><img loading=\"lazy\" decoding=\"async\" width=\"1024\" height=\"875\" alt=\"\" class=\"wp-block-jetpack-slideshow_image wp-image-2148\" data-id=\"2148\" data-aspect-ratio=\"1024 \/ 875\" src=\"https:\/\/casa-vacanze-miro.com\/fr\/wp-content\/uploads\/sites\/6\/sites\/18\/2025\/02\/IMG-20240831-WA0006-1024x875.jpg\" srcset=\"https:\/\/casa-vacanze-miro.com\/fr\/wp-content\/uploads\/sites\/6\/sites\/18\/2025\/02\/IMG-20240831-WA0006-1024x875.jpg 1024w, https:\/\/casa-vacanze-miro.com\/fr\/wp-content\/uploads\/sites\/6\/sites\/18\/2025\/02\/IMG-20240831-WA0006-300x256.jpg 300w, https:\/\/casa-vacanze-miro.com\/fr\/wp-content\/uploads\/sites\/6\/sites\/18\/2025\/02\/IMG-20240831-WA0006-768x656.jpg 768w, https:\/\/casa-vacanze-miro.com\/fr\/wp-content\/uploads\/sites\/6\/sites\/18\/2025\/02\/IMG-20240831-WA0006.jpg 1315w\" sizes=\"auto, (max-width: 1024px) 100vw, 1024px\" \/><\/figure><\/li><li class=\"wp-block-jetpack-slideshow_slide swiper-slide\"><figure><img loading=\"lazy\" decoding=\"async\" width=\"1024\" height=\"576\" alt=\"\" class=\"wp-block-jetpack-slideshow_image wp-image-2145\" data-id=\"2145\" data-aspect-ratio=\"1024 \/ 576\" src=\"https:\/\/casa-vacanze-miro.com\/fr\/wp-content\/uploads\/sites\/6\/sites\/18\/2025\/02\/IMG-20240823-WA0010-1024x576.jpg\" srcset=\"https:\/\/casa-vacanze-miro.com\/fr\/wp-content\/uploads\/sites\/6\/sites\/18\/2025\/02\/IMG-20240823-WA0010-1024x576.jpg 1024w, https:\/\/casa-vacanze-miro.com\/fr\/wp-content\/uploads\/sites\/6\/sites\/18\/2025\/02\/IMG-20240823-WA0010-300x169.jpg 300w, https:\/\/casa-vacanze-miro.com\/fr\/wp-content\/uploads\/sites\/6\/sites\/18\/2025\/02\/IMG-20240823-WA0010-768x432.jpg 768w, https:\/\/casa-vacanze-miro.com\/fr\/wp-content\/uploads\/sites\/6\/sites\/18\/2025\/02\/IMG-20240823-WA0010-1536x864.jpg 1536w, https:\/\/casa-vacanze-miro.com\/fr\/wp-content\/uploads\/sites\/6\/sites\/18\/2025\/02\/IMG-20240823-WA0010.jpg 2016w\" sizes=\"auto, (max-width: 1024px) 100vw, 1024px\" \/><\/figure><\/li><li class=\"wp-block-jetpack-slideshow_slide swiper-slide\"><figure><img loading=\"lazy\" decoding=\"async\" width=\"1024\" height=\"769\" alt=\"\" class=\"wp-block-jetpack-slideshow_image wp-image-2146\" data-id=\"2146\" data-aspect-ratio=\"1024 \/ 769\" src=\"https:\/\/casa-vacanze-miro.com\/fr\/wp-content\/uploads\/sites\/6\/sites\/18\/2025\/02\/IMG-20240823-WA0038-1024x769.jpg\" srcset=\"https:\/\/casa-vacanze-miro.com\/fr\/wp-content\/uploads\/sites\/6\/sites\/18\/2025\/02\/IMG-20240823-WA0038-1024x769.jpg 1024w, https:\/\/casa-vacanze-miro.com\/fr\/wp-content\/uploads\/sites\/6\/sites\/18\/2025\/02\/IMG-20240823-WA0038-300x225.jpg 300w, https:\/\/casa-vacanze-miro.com\/fr\/wp-content\/uploads\/sites\/6\/sites\/18\/2025\/02\/IMG-20240823-WA0038-768x576.jpg 768w, https:\/\/casa-vacanze-miro.com\/fr\/wp-content\/uploads\/sites\/6\/sites\/18\/2025\/02\/IMG-20240823-WA0038-1536x1153.jpg 1536w, https:\/\/casa-vacanze-miro.com\/fr\/wp-content\/uploads\/sites\/6\/sites\/18\/2025\/02\/IMG-20240823-WA0038.jpg 1600w\" sizes=\"auto, (max-width: 1024px) 100vw, 1024px\" \/><\/figure><\/li><li class=\"wp-block-jetpack-slideshow_slide swiper-slide\"><figure><img loading=\"lazy\" decoding=\"async\" width=\"1024\" height=\"829\" alt=\"\" class=\"wp-block-jetpack-slideshow_image wp-image-2147\" data-id=\"2147\" data-aspect-ratio=\"1024 \/ 829\" src=\"https:\/\/casa-vacanze-miro.com\/fr\/wp-content\/uploads\/sites\/6\/sites\/18\/2025\/02\/IMG-20240831-WA0005-1024x829.jpg\" srcset=\"https:\/\/casa-vacanze-miro.com\/fr\/wp-content\/uploads\/sites\/6\/sites\/18\/2025\/02\/IMG-20240831-WA0005-1024x829.jpg 1024w, https:\/\/casa-vacanze-miro.com\/fr\/wp-content\/uploads\/sites\/6\/sites\/18\/2025\/02\/IMG-20240831-WA0005-300x243.jpg 300w, https:\/\/casa-vacanze-miro.com\/fr\/wp-content\/uploads\/sites\/6\/sites\/18\/2025\/02\/IMG-20240831-WA0005-768x622.jpg 768w, https:\/\/casa-vacanze-miro.com\/fr\/wp-content\/uploads\/sites\/6\/sites\/18\/2025\/02\/IMG-20240831-WA0005-1536x1243.jpg 1536w, https:\/\/casa-vacanze-miro.com\/fr\/wp-content\/uploads\/sites\/6\/sites\/18\/2025\/02\/IMG-20240831-WA0005.jpg 1600w\" sizes=\"auto, (max-width: 1024px) 100vw, 1024px\" \/><\/figure><\/li><li class=\"wp-block-jetpack-slideshow_slide swiper-slide\"><figure><img loading=\"lazy\" decoding=\"async\" width=\"1024\" height=\"576\" alt=\"\" class=\"wp-block-jetpack-slideshow_image wp-image-2136\" data-id=\"2136\" data-aspect-ratio=\"1024 \/ 576\" src=\"https:\/\/casa-vacanze-miro.com\/fr\/wp-content\/uploads\/sites\/6\/sites\/18\/2025\/02\/IMG-20220822-WA0001-1024x576.jpg\" srcset=\"https:\/\/casa-vacanze-miro.com\/fr\/wp-content\/uploads\/sites\/6\/sites\/18\/2025\/02\/IMG-20220822-WA0001-1024x576.jpg 1024w, https:\/\/casa-vacanze-miro.com\/fr\/wp-content\/uploads\/sites\/6\/sites\/18\/2025\/02\/IMG-20220822-WA0001-300x169.jpg 300w, https:\/\/casa-vacanze-miro.com\/fr\/wp-content\/uploads\/sites\/6\/sites\/18\/2025\/02\/IMG-20220822-WA0001-768x432.jpg 768w, https:\/\/casa-vacanze-miro.com\/fr\/wp-content\/uploads\/sites\/6\/sites\/18\/2025\/02\/IMG-20220822-WA0001-1536x864.jpg 1536w, https:\/\/casa-vacanze-miro.com\/fr\/wp-content\/uploads\/sites\/6\/sites\/18\/2025\/02\/IMG-20220822-WA0001.jpg 1920w\" sizes=\"auto, (max-width: 1024px) 100vw, 1024px\" \/><\/figure><\/li><li class=\"wp-block-jetpack-slideshow_slide swiper-slide\"><figure><img loading=\"lazy\" decoding=\"async\" width=\"1024\" height=\"768\" alt=\"\" class=\"wp-block-jetpack-slideshow_image wp-image-2141\" data-id=\"2141\" data-aspect-ratio=\"1024 \/ 768\" src=\"https:\/\/casa-vacanze-miro.com\/fr\/wp-content\/uploads\/sites\/6\/sites\/18\/2025\/02\/IMG-20230827-WA0004-1024x768.jpg\" srcset=\"https:\/\/casa-vacanze-miro.com\/fr\/wp-content\/uploads\/sites\/6\/sites\/18\/2025\/02\/IMG-20230827-WA0004-1024x768.jpg 1024w, https:\/\/casa-vacanze-miro.com\/fr\/wp-content\/uploads\/sites\/6\/sites\/18\/2025\/02\/IMG-20230827-WA0004-300x225.jpg 300w, https:\/\/casa-vacanze-miro.com\/fr\/wp-content\/uploads\/sites\/6\/sites\/18\/2025\/02\/IMG-20230827-WA0004-768x576.jpg 768w, https:\/\/casa-vacanze-miro.com\/fr\/wp-content\/uploads\/sites\/6\/sites\/18\/2025\/02\/IMG-20230827-WA0004-1536x1152.jpg 1536w, https:\/\/casa-vacanze-miro.com\/fr\/wp-content\/uploads\/sites\/6\/sites\/18\/2025\/02\/IMG-20230827-WA0004.jpg 2016w\" sizes=\"auto, (max-width: 1024px) 100vw, 1024px\" \/><\/figure><\/li><li class=\"wp-block-jetpack-slideshow_slide swiper-slide\"><figure><img loading=\"lazy\" decoding=\"async\" width=\"1024\" height=\"635\" alt=\"\" class=\"wp-block-jetpack-slideshow_image wp-image-2150\" data-id=\"2150\" data-aspect-ratio=\"1024 \/ 635\" src=\"https:\/\/casa-vacanze-miro.com\/fr\/wp-content\/uploads\/sites\/6\/sites\/18\/2025\/02\/IMG-20240820-WA0009-1024x635.jpg\" srcset=\"https:\/\/casa-vacanze-miro.com\/fr\/wp-content\/uploads\/sites\/6\/sites\/18\/2025\/02\/IMG-20240820-WA0009-1024x635.jpg 1024w, https:\/\/casa-vacanze-miro.com\/fr\/wp-content\/uploads\/sites\/6\/sites\/18\/2025\/02\/IMG-20240820-WA0009-300x186.jpg 300w, https:\/\/casa-vacanze-miro.com\/fr\/wp-content\/uploads\/sites\/6\/sites\/18\/2025\/02\/IMG-20240820-WA0009-768x476.jpg 768w, https:\/\/casa-vacanze-miro.com\/fr\/wp-content\/uploads\/sites\/6\/sites\/18\/2025\/02\/IMG-20240820-WA0009-1536x952.jpg 1536w, https:\/\/casa-vacanze-miro.com\/fr\/wp-content\/uploads\/sites\/6\/sites\/18\/2025\/02\/IMG-20240820-WA0009.jpg 1600w\" sizes=\"auto, (max-width: 1024px) 100vw, 1024px\" \/><\/figure><\/li><li class=\"wp-block-jetpack-slideshow_slide swiper-slide\"><figure><img loading=\"lazy\" decoding=\"async\" width=\"1024\" height=\"576\" alt=\"\" class=\"wp-block-jetpack-slideshow_image wp-image-2152\" data-id=\"2152\" data-aspect-ratio=\"1024 \/ 576\" src=\"https:\/\/casa-vacanze-miro.com\/fr\/wp-content\/uploads\/sites\/6\/sites\/18\/2025\/02\/IMG-20240824-WA0019-1024x576.jpg\" srcset=\"https:\/\/casa-vacanze-miro.com\/fr\/wp-content\/uploads\/sites\/6\/sites\/18\/2025\/02\/IMG-20240824-WA0019-1024x576.jpg 1024w, https:\/\/casa-vacanze-miro.com\/fr\/wp-content\/uploads\/sites\/6\/sites\/18\/2025\/02\/IMG-20240824-WA0019-300x169.jpg 300w, https:\/\/casa-vacanze-miro.com\/fr\/wp-content\/uploads\/sites\/6\/sites\/18\/2025\/02\/IMG-20240824-WA0019-768x432.jpg 768w, https:\/\/casa-vacanze-miro.com\/fr\/wp-content\/uploads\/sites\/6\/sites\/18\/2025\/02\/IMG-20240824-WA0019-1536x864.jpg 1536w, https:\/\/casa-vacanze-miro.com\/fr\/wp-content\/uploads\/sites\/6\/sites\/18\/2025\/02\/IMG-20240824-WA0019.jpg 1600w\" sizes=\"auto, (max-width: 1024px) 100vw, 1024px\" \/><\/figure><\/li><li class=\"wp-block-jetpack-slideshow_slide swiper-slide\"><figure><img loading=\"lazy\" decoding=\"async\" width=\"1024\" height=\"576\" alt=\"\" class=\"wp-block-jetpack-slideshow_image wp-image-2285\" data-id=\"2285\" data-aspect-ratio=\"1024 \/ 576\" src=\"https:\/\/casa-vacanze-miro.com\/fr\/wp-content\/uploads\/sites\/6\/sites\/18\/2025\/03\/WhatsApp-Image-2025-03-08-at-15.50.23-1024x576.jpeg\" srcset=\"https:\/\/casa-vacanze-miro.com\/fr\/wp-content\/uploads\/sites\/6\/sites\/18\/2025\/03\/WhatsApp-Image-2025-03-08-at-15.50.23-1024x576.jpeg 1024w, https:\/\/casa-vacanze-miro.com\/fr\/wp-content\/uploads\/sites\/6\/sites\/18\/2025\/03\/WhatsApp-Image-2025-03-08-at-15.50.23-300x169.jpeg 300w, https:\/\/casa-vacanze-miro.com\/fr\/wp-content\/uploads\/sites\/6\/sites\/18\/2025\/03\/WhatsApp-Image-2025-03-08-at-15.50.23-768x432.jpeg 768w, https:\/\/casa-vacanze-miro.com\/fr\/wp-content\/uploads\/sites\/6\/sites\/18\/2025\/03\/WhatsApp-Image-2025-03-08-at-15.50.23-1536x864.jpeg 1536w, https:\/\/casa-vacanze-miro.com\/fr\/wp-content\/uploads\/sites\/6\/sites\/18\/2025\/03\/WhatsApp-Image-2025-03-08-at-15.50.23.jpeg 1600w\" sizes=\"auto, (max-width: 1024px) 100vw, 1024px\" \/><\/figure><\/li><li class=\"wp-block-jetpack-slideshow_slide swiper-slide\"><figure><img loading=\"lazy\" decoding=\"async\" width=\"576\" height=\"1024\" alt=\"\" class=\"wp-block-jetpack-slideshow_image wp-image-2286\" data-id=\"2286\" data-aspect-ratio=\"576 \/ 1024\" src=\"https:\/\/casa-vacanze-miro.com\/fr\/wp-content\/uploads\/sites\/6\/sites\/18\/2025\/03\/WhatsApp-Image-2025-03-08-at-15.50.24-576x1024.jpeg\" srcset=\"https:\/\/casa-vacanze-miro.com\/fr\/wp-content\/uploads\/sites\/6\/sites\/18\/2025\/03\/WhatsApp-Image-2025-03-08-at-15.50.24-576x1024.jpeg 576w, https:\/\/casa-vacanze-miro.com\/fr\/wp-content\/uploads\/sites\/6\/sites\/18\/2025\/03\/WhatsApp-Image-2025-03-08-at-15.50.24-169x300.jpeg 169w, https:\/\/casa-vacanze-miro.com\/fr\/wp-content\/uploads\/sites\/6\/sites\/18\/2025\/03\/WhatsApp-Image-2025-03-08-at-15.50.24-768x1365.jpeg 768w, https:\/\/casa-vacanze-miro.com\/fr\/wp-content\/uploads\/sites\/6\/sites\/18\/2025\/03\/WhatsApp-Image-2025-03-08-at-15.50.24-864x1536.jpeg 864w, https:\/\/casa-vacanze-miro.com\/fr\/wp-content\/uploads\/sites\/6\/sites\/18\/2025\/03\/WhatsApp-Image-2025-03-08-at-15.50.24.jpeg 900w\" sizes=\"auto, (max-width: 576px) 100vw, 576px\" \/><\/figure><\/li><li class=\"wp-block-jetpack-slideshow_slide swiper-slide\"><figure><img loading=\"lazy\" decoding=\"async\" width=\"1024\" height=\"768\" alt=\"\" class=\"wp-block-jetpack-slideshow_image wp-image-2312\" data-id=\"2312\" data-aspect-ratio=\"1024 \/ 768\" src=\"https:\/\/casa-vacanze-miro.com\/fr\/wp-content\/uploads\/sites\/6\/sites\/18\/2025\/03\/WhatsApp-Image-2025-03-17-at-23.58.01-1024x768.jpeg\" srcset=\"https:\/\/casa-vacanze-miro.com\/fr\/wp-content\/uploads\/sites\/6\/sites\/18\/2025\/03\/WhatsApp-Image-2025-03-17-at-23.58.01-1024x768.jpeg 1024w, https:\/\/casa-vacanze-miro.com\/fr\/wp-content\/uploads\/sites\/6\/sites\/18\/2025\/03\/WhatsApp-Image-2025-03-17-at-23.58.01-300x225.jpeg 300w, https:\/\/casa-vacanze-miro.com\/fr\/wp-content\/uploads\/sites\/6\/sites\/18\/2025\/03\/WhatsApp-Image-2025-03-17-at-23.58.01-768x576.jpeg 768w, https:\/\/casa-vacanze-miro.com\/fr\/wp-content\/uploads\/sites\/6\/sites\/18\/2025\/03\/WhatsApp-Image-2025-03-17-at-23.58.01-1536x1152.jpeg 1536w, https:\/\/casa-vacanze-miro.com\/fr\/wp-content\/uploads\/sites\/6\/sites\/18\/2025\/03\/WhatsApp-Image-2025-03-17-at-23.58.01.jpeg 2016w\" sizes=\"auto, (max-width: 1024px) 100vw, 1024px\" \/><\/figure><\/li><li class=\"wp-block-jetpack-slideshow_slide swiper-slide\"><figure><img loading=\"lazy\" decoding=\"async\" width=\"1024\" height=\"768\" alt=\"\" class=\"wp-block-jetpack-slideshow_image wp-image-2310\" data-id=\"2310\" data-aspect-ratio=\"1024 \/ 768\" src=\"https:\/\/casa-vacanze-miro.com\/fr\/wp-content\/uploads\/sites\/6\/sites\/18\/2025\/03\/WhatsApp-Image-2025-03-17-at-23.55.50-1-1024x768.jpeg\" srcset=\"https:\/\/casa-vacanze-miro.com\/fr\/wp-content\/uploads\/sites\/6\/sites\/18\/2025\/03\/WhatsApp-Image-2025-03-17-at-23.55.50-1-1024x768.jpeg 1024w, https:\/\/casa-vacanze-miro.com\/fr\/wp-content\/uploads\/sites\/6\/sites\/18\/2025\/03\/WhatsApp-Image-2025-03-17-at-23.55.50-1-300x225.jpeg 300w, https:\/\/casa-vacanze-miro.com\/fr\/wp-content\/uploads\/sites\/6\/sites\/18\/2025\/03\/WhatsApp-Image-2025-03-17-at-23.55.50-1-768x576.jpeg 768w, https:\/\/casa-vacanze-miro.com\/fr\/wp-content\/uploads\/sites\/6\/sites\/18\/2025\/03\/WhatsApp-Image-2025-03-17-at-23.55.50-1-1536x1152.jpeg 1536w, https:\/\/casa-vacanze-miro.com\/fr\/wp-content\/uploads\/sites\/6\/sites\/18\/2025\/03\/WhatsApp-Image-2025-03-17-at-23.55.50-1.jpeg 2016w\" sizes=\"auto, (max-width: 1024px) 100vw, 1024px\" \/><\/figure><\/li><li class=\"wp-block-jetpack-slideshow_slide swiper-slide\"><figure><img loading=\"lazy\" decoding=\"async\" width=\"1024\" height=\"701\" alt=\"\" class=\"wp-block-jetpack-slideshow_image wp-image-2311\" data-id=\"2311\" data-aspect-ratio=\"1024 \/ 701\" src=\"https:\/\/casa-vacanze-miro.com\/fr\/wp-content\/uploads\/sites\/6\/sites\/18\/2025\/03\/WhatsApp-Image-2025-03-17-at-23.55.50-1024x701.jpeg\" srcset=\"https:\/\/casa-vacanze-miro.com\/fr\/wp-content\/uploads\/sites\/6\/sites\/18\/2025\/03\/WhatsApp-Image-2025-03-17-at-23.55.50-1024x701.jpeg 1024w, https:\/\/casa-vacanze-miro.com\/fr\/wp-content\/uploads\/sites\/6\/sites\/18\/2025\/03\/WhatsApp-Image-2025-03-17-at-23.55.50-300x205.jpeg 300w, https:\/\/casa-vacanze-miro.com\/fr\/wp-content\/uploads\/sites\/6\/sites\/18\/2025\/03\/WhatsApp-Image-2025-03-17-at-23.55.50-768x526.jpeg 768w, https:\/\/casa-vacanze-miro.com\/fr\/wp-content\/uploads\/sites\/6\/sites\/18\/2025\/03\/WhatsApp-Image-2025-03-17-at-23.55.50-1536x1051.jpeg 1536w, https:\/\/casa-vacanze-miro.com\/fr\/wp-content\/uploads\/sites\/6\/sites\/18\/2025\/03\/WhatsApp-Image-2025-03-17-at-23.55.50.jpeg 2016w\" sizes=\"auto, (max-width: 1024px) 100vw, 1024px\" \/><\/figure><\/li><\/ul><a class=\"wp-block-jetpack-slideshow_button-prev swiper-button-prev swiper-button-white\" role=\"button\"><\/a><a class=\"wp-block-jetpack-slideshow_button-next swiper-button-next swiper-button-white\" role=\"button\"><\/a><a aria-label=\"Pause Slideshow\" class=\"wp-block-jetpack-slideshow_button-pause\" role=\"button\"><\/a><div class=\"wp-block-jetpack-slideshow_pagination swiper-pagination swiper-pagination-white\"><\/div><\/div><\/div>\n\n\n\n<p>Sferracavallo s\u2019\u00e9tend autour d\u2019un golfe ravissant bord\u00e9 par l\u2019imposant promontoire de&nbsp;<strong>Capo Gallo<\/strong>. Inclus dans la&nbsp;<strong>zone naturelle prot\u00e9g\u00e9e Capo Gallo\/Isola delle Femmine<\/strong>, le village baln\u00e9aire est l\u2019endroit id\u00e9al pour faire du&nbsp;<strong>snorkeling&nbsp;<\/strong>le long de la c\u00f4te rocheuse caract\u00e9ris\u00e9e par des \u00ab&nbsp;trottoirs \u00e0 vermeti&nbsp;\u00bb, des biostructures typiques de la mer M\u00e9diterran\u00e9e qui rappellent en partie les r\u00e9cifs coralliens. Le soir, la promenade se transforme en un lieu magique d\u2019o\u00f9 l\u2019on peut admirer des&nbsp;<strong>magnifiques couchers de soleil&nbsp;<\/strong>avec vue sur l\u2019Isolotto delle Femmine. Les amateurs de sable, quant \u00e0 eux, peuvent rejoindre la c\u00e9l\u00e8bre plage de&nbsp;<strong>Mondello&nbsp;<\/strong>en moins de 10 minutes en voiture, ou les plages de&nbsp;<strong>Capaci<\/strong>&nbsp;et d\u2019<strong>Isola delle Femmine<\/strong>, la premi\u00e8re ville de la province de Palerme qui borde Sferracavallo.<\/p>\n\n\n\n<p>De notre maison de vacances, il est possible de se rendre \u00e0 pied \u00e0 la&nbsp;<strong>R\u00e9serve naturelle orient\u00e9e de Capo Gallo<\/strong>, un lieu d\u2019une extraordinaire beaut\u00e9 naturelle ainsi qu\u2019un site d\u2019importance arch\u00e9ologique et pal\u00e9ontologique.<\/p>\n\n\n\n<p>Sferracavallo abrite une&nbsp;<strong>nature&nbsp;<\/strong>merveilleuse et, surtout, une&nbsp;<strong>cuisine d\u00e9licieuse<\/strong>: elle est en effet connue pour ses restaurants de poisson renomm\u00e9s et la zone de&nbsp;<em>street food<\/em>&nbsp;de la Piazza Marina, qui propose des d\u00e9lices de fruits de mer et des sp\u00e9cialit\u00e9s locales pour tous les budgets ! \u00c0 Sferracavallo, vous pourrez \u00e9galement d\u00e9guster ce que nous consid\u00e9rons comme les meilleures&nbsp;<strong>glaces<\/strong>&nbsp;et&nbsp;<em><strong>granite<\/strong>&nbsp;<\/em>de tout Palerme. Nous serons ravis de vous faire part de nos conseils si vous r\u00e9servez.<\/p>\n\n\n\n<p>La maison de vacances MiRo est \u00e9galement un point de d\u00e9part id\u00e9al pour des excursions d\u2019une journ\u00e9e \u00e0 la d\u00e9couverte des innombrables tr\u00e9sors de l\u2019\u00eele.<\/p>\n<\/div>\n","protected":false},"excerpt":{"rendered":"<p>Pour nous, Sferracavallo est un peu comme \u2018une petite Sicile\u2019: une combinaison parfaite pour ceux qui aiment les vacances en mer, la nature et les paysages \u00e0 couper le souffle, ainsi que pour les infatigables amateurs d\u2019histoire, d\u2019art et de culture, car elle se trouve \u00e0 moins de 15 km du centre de la charmante [&hellip;]<\/p>\n","protected":false},"author":5,"featured_media":2150,"parent":19,"menu_order":3,"comment_status":"closed","ping_status":"closed","template":"page-no-title","meta":{"footnotes":""},"class_list":["post-1875","page","type-page","status-publish","has-post-thumbnail","hentry"],"yoast_head":"<!-- This site is optimized with the Yoast SEO plugin v27.4 - https:\/\/yoast.com\/product\/yoast-seo-wordpress\/ -->\n<title>D\u00e9couvre Palermo - Sferracavallo - Maison de vacances MiRo<\/title>\n<meta name=\"description\" content=\"Pour nous, Sferracavallo est un peu comme une \u2018petite Sicile\u2019: une combinaison parfaite pour ceux qui aiment les vacances en mer, la natur...\" \/>\n<meta name=\"robots\" content=\"index, follow, max-snippet:-1, max-image-preview:large, max-video-preview:-1\" \/>\n<link rel=\"canonical\" href=\"https:\/\/casa-vacanze-miro.com\/fr\/information\/decouvre-sferracavallo\/\" \/>\n<meta property=\"og:locale\" content=\"fr_FR\" \/>\n<meta property=\"og:type\" content=\"article\" \/>\n<meta property=\"og:title\" content=\"D\u00e9couvre Palermo - Sferracavallo - Maison de vacances MiRo\" \/>\n<meta property=\"og:description\" content=\"Pour nous, Sferracavallo est un peu comme une \u2018petite Sicile\u2019: une combinaison parfaite pour ceux qui aiment les vacances en mer, la natur...\" \/>\n<meta property=\"og:url\" content=\"https:\/\/casa-vacanze-miro.com\/fr\/information\/decouvre-sferracavallo\/\" \/>\n<meta property=\"og:site_name\" content=\"Maison de vacances MiRo\" \/>\n<meta property=\"article:modified_time\" content=\"2025-09-12T15:12:29+00:00\" \/>\n<meta property=\"og:image\" content=\"https:\/\/casa-vacanze-miro.com\/fr\/wp-content\/uploads\/sites\/6\/sites\/18\/2025\/02\/IMG-20240820-WA0009.jpg\" \/>\n\t<meta property=\"og:image:width\" content=\"1600\" \/>\n\t<meta property=\"og:image:height\" content=\"992\" \/>\n\t<meta property=\"og:image:type\" content=\"image\/jpeg\" \/>\n<meta name=\"twitter:card\" content=\"summary_large_image\" \/>\n<meta name=\"twitter:label1\" content=\"Dur\u00e9e de lecture estim\u00e9e\" \/>\n\t<meta name=\"twitter:data1\" content=\"6 minutes\" \/>\n<script type=\"application\/ld+json\" class=\"yoast-schema-graph\">{\"@context\":\"https:\\\/\\\/schema.org\",\"@graph\":[{\"@type\":\"WebPage\",\"@id\":\"https:\\\/\\\/casa-vacanze-miro.com\\\/fr\\\/information\\\/decouvre-sferracavallo\\\/\",\"url\":\"https:\\\/\\\/casa-vacanze-miro.com\\\/fr\\\/information\\\/decouvre-sferracavallo\\\/\",\"name\":\"D\u00e9couvre Palermo - Sferracavallo - Maison de vacances MiRo\",\"isPartOf\":{\"@id\":\"https:\\\/\\\/casa-vacanze-miro.com\\\/fr\\\/#website\"},\"primaryImageOfPage\":{\"@id\":\"https:\\\/\\\/casa-vacanze-miro.com\\\/fr\\\/information\\\/decouvre-sferracavallo\\\/#primaryimage\"},\"image\":{\"@id\":\"https:\\\/\\\/casa-vacanze-miro.com\\\/fr\\\/information\\\/decouvre-sferracavallo\\\/#primaryimage\"},\"thumbnailUrl\":\"https:\\\/\\\/casa-vacanze-miro.com\\\/fr\\\/wp-content\\\/uploads\\\/sites\\\/6\\\/sites\\\/18\\\/2025\\\/02\\\/IMG-20240820-WA0009.jpg\",\"datePublished\":\"2023-09-12T19:35:58+00:00\",\"dateModified\":\"2025-09-12T15:12:29+00:00\",\"description\":\"Pour nous, Sferracavallo est un peu comme une \u2018petite Sicile\u2019: une combinaison parfaite pour ceux qui aiment les vacances en mer, la natur...\",\"breadcrumb\":{\"@id\":\"https:\\\/\\\/casa-vacanze-miro.com\\\/fr\\\/information\\\/decouvre-sferracavallo\\\/#breadcrumb\"},\"inLanguage\":\"fr-FR\",\"potentialAction\":[{\"@type\":\"ReadAction\",\"target\":[\"https:\\\/\\\/casa-vacanze-miro.com\\\/fr\\\/information\\\/decouvre-sferracavallo\\\/\"]}]},{\"@type\":\"ImageObject\",\"inLanguage\":\"fr-FR\",\"@id\":\"https:\\\/\\\/casa-vacanze-miro.com\\\/fr\\\/information\\\/decouvre-sferracavallo\\\/#primaryimage\",\"url\":\"https:\\\/\\\/casa-vacanze-miro.com\\\/fr\\\/wp-content\\\/uploads\\\/sites\\\/6\\\/sites\\\/18\\\/2025\\\/02\\\/IMG-20240820-WA0009.jpg\",\"contentUrl\":\"https:\\\/\\\/casa-vacanze-miro.com\\\/fr\\\/wp-content\\\/uploads\\\/sites\\\/6\\\/sites\\\/18\\\/2025\\\/02\\\/IMG-20240820-WA0009.jpg\",\"width\":1600,\"height\":992},{\"@type\":\"BreadcrumbList\",\"@id\":\"https:\\\/\\\/casa-vacanze-miro.com\\\/fr\\\/information\\\/decouvre-sferracavallo\\\/#breadcrumb\",\"itemListElement\":[{\"@type\":\"ListItem\",\"position\":1,\"name\":\"Home\",\"item\":\"https:\\\/\\\/casa-vacanze-miro.com\\\/fr\\\/\"},{\"@type\":\"ListItem\",\"position\":2,\"name\":\"Maison de vacances MiRo\",\"item\":\"https:\\\/\\\/casa-vacanze-miro.com\\\/fr\\\/\"},{\"@type\":\"ListItem\",\"position\":3,\"name\":\"D\u00e9couvre Palermo &#8211; Sferracavallo\"}]},{\"@type\":\"WebSite\",\"@id\":\"https:\\\/\\\/casa-vacanze-miro.com\\\/fr\\\/#website\",\"url\":\"https:\\\/\\\/casa-vacanze-miro.com\\\/fr\\\/\",\"name\":\"Maison de vacances MiRo\",\"description\":\"Pour des vacances \u00e0 Palerme \u00e0 deux pas de la mer.\",\"publisher\":{\"@id\":\"https:\\\/\\\/casa-vacanze-miro.com\\\/fr\\\/#organization\"},\"potentialAction\":[{\"@type\":\"SearchAction\",\"target\":{\"@type\":\"EntryPoint\",\"urlTemplate\":\"https:\\\/\\\/casa-vacanze-miro.com\\\/fr\\\/?s={search_term_string}\"},\"query-input\":{\"@type\":\"PropertyValueSpecification\",\"valueRequired\":true,\"valueName\":\"search_term_string\"}}],\"inLanguage\":\"fr-FR\"},{\"@type\":\"Organization\",\"@id\":\"https:\\\/\\\/casa-vacanze-miro.com\\\/fr\\\/#organization\",\"name\":\"Maison de vacances MiRo\",\"url\":\"https:\\\/\\\/casa-vacanze-miro.com\\\/fr\\\/\",\"logo\":{\"@type\":\"ImageObject\",\"inLanguage\":\"fr-FR\",\"@id\":\"https:\\\/\\\/casa-vacanze-miro.com\\\/fr\\\/#\\\/schema\\\/logo\\\/image\\\/\",\"url\":\"https:\\\/\\\/casa-vacanze-miro.com\\\/fr\\\/wp-content\\\/uploads\\\/sites\\\/6\\\/sites\\\/18\\\/2025\\\/03\\\/miro-logo.png\",\"contentUrl\":\"https:\\\/\\\/casa-vacanze-miro.com\\\/fr\\\/wp-content\\\/uploads\\\/sites\\\/6\\\/sites\\\/18\\\/2025\\\/03\\\/miro-logo.png\",\"width\":512,\"height\":512,\"caption\":\"Maison de vacances MiRo\"},\"image\":{\"@id\":\"https:\\\/\\\/casa-vacanze-miro.com\\\/fr\\\/#\\\/schema\\\/logo\\\/image\\\/\"}}]}<\/script>\n<!-- \/ Yoast SEO plugin. -->","yoast_head_json":{"title":"D\u00e9couvre Palermo - Sferracavallo - Maison de vacances MiRo","description":"Pour nous, Sferracavallo est un peu comme une \u2018petite Sicile\u2019: une combinaison parfaite pour ceux qui aiment les vacances en mer, la natur...","robots":{"index":"index","follow":"follow","max-snippet":"max-snippet:-1","max-image-preview":"max-image-preview:large","max-video-preview":"max-video-preview:-1"},"canonical":"https:\/\/casa-vacanze-miro.com\/fr\/information\/decouvre-sferracavallo\/","og_locale":"fr_FR","og_type":"article","og_title":"D\u00e9couvre Palermo - Sferracavallo - Maison de vacances MiRo","og_description":"Pour nous, Sferracavallo est un peu comme une \u2018petite Sicile\u2019: une combinaison parfaite pour ceux qui aiment les vacances en mer, la natur...","og_url":"https:\/\/casa-vacanze-miro.com\/fr\/information\/decouvre-sferracavallo\/","og_site_name":"Maison de vacances MiRo","article_modified_time":"2025-09-12T15:12:29+00:00","og_image":[{"width":1600,"height":992,"url":"https:\/\/casa-vacanze-miro.com\/fr\/wp-content\/uploads\/sites\/6\/sites\/18\/2025\/02\/IMG-20240820-WA0009.jpg","type":"image\/jpeg"}],"twitter_card":"summary_large_image","twitter_misc":{"Dur\u00e9e de lecture estim\u00e9e":"6 minutes"},"schema":{"@context":"https:\/\/schema.org","@graph":[{"@type":"WebPage","@id":"https:\/\/casa-vacanze-miro.com\/fr\/information\/decouvre-sferracavallo\/","url":"https:\/\/casa-vacanze-miro.com\/fr\/information\/decouvre-sferracavallo\/","name":"D\u00e9couvre Palermo - Sferracavallo - Maison de vacances MiRo","isPartOf":{"@id":"https:\/\/casa-vacanze-miro.com\/fr\/#website"},"primaryImageOfPage":{"@id":"https:\/\/casa-vacanze-miro.com\/fr\/information\/decouvre-sferracavallo\/#primaryimage"},"image":{"@id":"https:\/\/casa-vacanze-miro.com\/fr\/information\/decouvre-sferracavallo\/#primaryimage"},"thumbnailUrl":"https:\/\/casa-vacanze-miro.com\/fr\/wp-content\/uploads\/sites\/6\/sites\/18\/2025\/02\/IMG-20240820-WA0009.jpg","datePublished":"2023-09-12T19:35:58+00:00","dateModified":"2025-09-12T15:12:29+00:00","description":"Pour nous, Sferracavallo est un peu comme une \u2018petite Sicile\u2019: une combinaison parfaite pour ceux qui aiment les vacances en mer, la natur...","breadcrumb":{"@id":"https:\/\/casa-vacanze-miro.com\/fr\/information\/decouvre-sferracavallo\/#breadcrumb"},"inLanguage":"fr-FR","potentialAction":[{"@type":"ReadAction","target":["https:\/\/casa-vacanze-miro.com\/fr\/information\/decouvre-sferracavallo\/"]}]},{"@type":"ImageObject","inLanguage":"fr-FR","@id":"https:\/\/casa-vacanze-miro.com\/fr\/information\/decouvre-sferracavallo\/#primaryimage","url":"https:\/\/casa-vacanze-miro.com\/fr\/wp-content\/uploads\/sites\/6\/sites\/18\/2025\/02\/IMG-20240820-WA0009.jpg","contentUrl":"https:\/\/casa-vacanze-miro.com\/fr\/wp-content\/uploads\/sites\/6\/sites\/18\/2025\/02\/IMG-20240820-WA0009.jpg","width":1600,"height":992},{"@type":"BreadcrumbList","@id":"https:\/\/casa-vacanze-miro.com\/fr\/information\/decouvre-sferracavallo\/#breadcrumb","itemListElement":[{"@type":"ListItem","position":1,"name":"Home","item":"https:\/\/casa-vacanze-miro.com\/fr\/"},{"@type":"ListItem","position":2,"name":"Maison de vacances MiRo","item":"https:\/\/casa-vacanze-miro.com\/fr\/"},{"@type":"ListItem","position":3,"name":"D\u00e9couvre Palermo &#8211; Sferracavallo"}]},{"@type":"WebSite","@id":"https:\/\/casa-vacanze-miro.com\/fr\/#website","url":"https:\/\/casa-vacanze-miro.com\/fr\/","name":"Maison de vacances MiRo","description":"Pour des vacances \u00e0 Palerme \u00e0 deux pas de la mer.","publisher":{"@id":"https:\/\/casa-vacanze-miro.com\/fr\/#organization"},"potentialAction":[{"@type":"SearchAction","target":{"@type":"EntryPoint","urlTemplate":"https:\/\/casa-vacanze-miro.com\/fr\/?s={search_term_string}"},"query-input":{"@type":"PropertyValueSpecification","valueRequired":true,"valueName":"search_term_string"}}],"inLanguage":"fr-FR"},{"@type":"Organization","@id":"https:\/\/casa-vacanze-miro.com\/fr\/#organization","name":"Maison de vacances MiRo","url":"https:\/\/casa-vacanze-miro.com\/fr\/","logo":{"@type":"ImageObject","inLanguage":"fr-FR","@id":"https:\/\/casa-vacanze-miro.com\/fr\/#\/schema\/logo\/image\/","url":"https:\/\/casa-vacanze-miro.com\/fr\/wp-content\/uploads\/sites\/6\/sites\/18\/2025\/03\/miro-logo.png","contentUrl":"https:\/\/casa-vacanze-miro.com\/fr\/wp-content\/uploads\/sites\/6\/sites\/18\/2025\/03\/miro-logo.png","width":512,"height":512,"caption":"Maison de vacances MiRo"},"image":{"@id":"https:\/\/casa-vacanze-miro.com\/fr\/#\/schema\/logo\/image\/"}}]}},"_links":{"self":[{"href":"https:\/\/casa-vacanze-miro.com\/fr\/wp-json\/wp\/v2\/pages\/1875","targetHints":{"allow":["GET"]}}],"collection":[{"href":"https:\/\/casa-vacanze-miro.com\/fr\/wp-json\/wp\/v2\/pages"}],"about":[{"href":"https:\/\/casa-vacanze-miro.com\/fr\/wp-json\/wp\/v2\/types\/page"}],"author":[{"embeddable":true,"href":"https:\/\/casa-vacanze-miro.com\/fr\/wp-json\/wp\/v2\/users\/5"}],"replies":[{"embeddable":true,"href":"https:\/\/casa-vacanze-miro.com\/fr\/wp-json\/wp\/v2\/comments?post=1875"}],"version-history":[{"count":7,"href":"https:\/\/casa-vacanze-miro.com\/fr\/wp-json\/wp\/v2\/pages\/1875\/revisions"}],"predecessor-version":[{"id":2334,"href":"https:\/\/casa-vacanze-miro.com\/fr\/wp-json\/wp\/v2\/pages\/1875\/revisions\/2334"}],"up":[{"embeddable":true,"href":"https:\/\/casa-vacanze-miro.com\/fr\/wp-json\/wp\/v2\/pages\/19"}],"wp:featuredmedia":[{"embeddable":true,"href":"https:\/\/casa-vacanze-miro.com\/fr\/wp-json\/wp\/v2\/media\/2150"}],"wp:attachment":[{"href":"https:\/\/casa-vacanze-miro.com\/fr\/wp-json\/wp\/v2\/media?parent=1875"}],"curies":[{"name":"wp","href":"https:\/\/api.w.org\/{rel}","templated":true}]}}